{"id":7352,"date":"2024-03-03T23:05:45","date_gmt":"2024-03-03T22:05:45","guid":{"rendered":"https:\/\/giessen.dakd.de\/?page_id=7352"},"modified":"2026-04-21T20:32:34","modified_gmt":"2026-04-21T18:32:34","slug":"gemeinde","status":"publish","type":"page","link":"https:\/\/mainz.dakd.de\/am\/gemeinde\/","title":{"rendered":"Gemeinde"},"content":{"rendered":"<p><div class=\"fusion-fullwidth fullwidth-box fusion-builder-row-1 fusion-flex-container nonhundred-percent-fullwidth non-hundred-percent-height-scrolling\" style=\"--awb-border-radius-top-left:0px;--awb-border-radius-top-right:0px;--awb-border-radius-bottom-right:0px;--awb-border-radius-bottom-left:0px;--awb-padding-bottom:40px;--awb-flex-wrap:wrap;\" ><div class=\"fusion-builder-row fusion-row fusion-flex-align-items-flex-start fusion-flex-content-wrap\" style=\"max-width:1248px;margin-left: calc(-4% \/ 2 );margin-right: calc(-4% \/ 2 );\"><div class=\"fusion-layout-column fusion_builder_column fusion-builder-column-0 fusion_builder_column_1_1 1_1 fusion-flex-column\" style=\"--awb-bg-size:cover;--awb-width-large:100%;--awb-margin-top-large:0px;--awb-spacing-right-large:1.92%;--awb-margin-bottom-large:3px;--awb-spacing-left-large:1.92%;--awb-width-medium:100%;--awb-spacing-right-medium:1.92%;--awb-spacing-left-medium:1.92%;--awb-width-small:100%;--awb-spacing-right-small:1.92%;--awb-spacing-left-small:1.92%;\"><div class=\"fusion-column-wrapper fusion-flex-justify-content-flex-start fusion-content-layout-column\"><div class=\"fusion-title title fusion-title-1 fusion-title-center fusion-title-text fusion-title-size-one\"><div class=\"title-sep-container title-sep-container-left\"><div class=\"title-sep sep-double sep-solid\" style=\"border-color:#e2e2e2;\"><\/div><\/div><span class=\"awb-title-spacer\"><\/span><h1 class=\"fusion-title-heading title-heading-center\" style=\"margin:0;\">Unsere Gemeinde&#8230;<\/h1><span class=\"awb-title-spacer\"><\/span><div class=\"title-sep-container title-sep-container-right\"><div class=\"title-sep sep-double sep-solid\" style=\"border-color:#e2e2e2;\"><\/div><\/div><\/div><div class=\"fusion-separator fusion-full-width-sep\" style=\"align-self: center;margin-left: auto;margin-right: auto;margin-top:3%;margin-bottom:3%;width:100%;\"><\/div><div class=\"fusion-text fusion-text-1\"><p style=\"text-align: left;\">Die Armenische Gemeinde Mainz e.V. entwickelte sich aus dem gemeinsamen Engagement armenischer Familien im Raum Mainz und Wiesbaden, ihre kulturelle Identit\u00e4t auch in der Diaspora zu bewahren.  Zuge wachsender armenischer Zuwanderung entstand der Wunsch nach einer organisierten Gemeinschaft. Engagierte Mitglieder schlossen sich zusammen und legten den Grundstein f\u00fcr die heutige Gemeinde. <span style=\"font-family: var(--awb-text-font-family); font-size: var(--awb-font-size); font-style: var(--awb-text-font-style); letter-spacing: var(--awb-letter-spacing); text-align: var(--awb-content-alignment); text-transform: var(--awb-text-transform);\">Mit der offiziellen Eintragung als eingetragener Verein wurde eine strukturierte Basis f\u00fcr die kulturelle, soziale und religi\u00f6se Arbeit geschaffen. <\/span><span style=\"font-family: var(--awb-text-font-family); font-size: var(--awb-font-size); font-style: var(--awb-text-font-style); letter-spacing: var(--awb-letter-spacing); text-align: var(--awb-content-alignment); text-transform: var(--awb-text-transform);\">In den folgenden Jahren etablierte die Gemeinde regelm\u00e4\u00dfige Veranstaltungen, Sprach- und Kulturangebote sowie religi\u00f6se Zusammenk\u00fcnfte. Besonders die Kinder- und Jugendarbeit gewann zunehmend an Bedeutung. <\/span><span style=\"font-family: var(--awb-text-font-family); font-size: var(--awb-font-size); font-style: var(--awb-text-font-style); letter-spacing: var(--awb-letter-spacing); text-align: var(--awb-content-alignment); text-transform: var(--awb-text-transform);\">Durch Feste, Gedenktage und kulturelle Programme entwickelte sich die Gemeinde zu einem wichtigen Treffpunkt f\u00fcr Armenierinnen und Armenier in Mainz und Umgebung. <\/span><\/p>\n<p style=\"text-align: left;\"><span style=\"font-family: var(--awb-text-font-family); font-size: var(--awb-font-size); font-style: var(--awb-text-font-style); letter-spacing: var(--awb-letter-spacing); text-align: var(--awb-content-alignment); text-transform: var(--awb-text-transform);\">Heute steht die Armenische Gemeinde Mainz e.V. f\u00fcr aktives Gemeindeleben, kulturelle Vielfalt und interkulturellen Dialog. Sie verbindet Generationen und tr\u00e4gt zur Pflege armenischer Traditionen in Deutschland bei.<\/span><\/p>\n<\/div><\/div><\/div><\/div><\/div><div class=\"fusion-fullwidth fullwidth-box fusion-builder-row-2 fusion-flex-container nonhundred-percent-fullwidth non-hundred-percent-height-scrolling\" style=\"--awb-border-radius-top-left:0px;--awb-border-radius-top-right:0px;--awb-border-radius-bottom-right:0px;--awb-border-radius-bottom-left:0px;--awb-padding-bottom:0px;--awb-flex-wrap:wrap;\" ><div class=\"fusion-builder-row fusion-row fusion-flex-align-items-flex-start fusion-flex-content-wrap\" style=\"max-width:1248px;margin-left: calc(-4% \/ 2 );margin-right: calc(-4% \/ 2 );\"><div class=\"fusion-layout-column fusion_builder_column fusion-builder-column-1 fusion_builder_column_1_1 1_1 fusion-flex-column\" style=\"--awb-bg-size:cover;--awb-width-large:100%;--awb-margin-top-large:0px;--awb-spacing-right-large:1.92%;--awb-margin-bottom-large:20px;--awb-spacing-left-large:1.92%;--awb-width-medium:100%;--awb-spacing-right-medium:1.92%;--awb-spacing-left-medium:1.92%;--awb-width-small:100%;--awb-spacing-right-small:1.92%;--awb-spacing-left-small:1.92%;\"><div class=\"fusion-column-wrapper fusion-column-has-shadow fusion-flex-justify-content-flex-start fusion-content-layout-column\"><div class=\"fusion-title title fusion-title-2 fusion-title-text fusion-title-size-two\"><div class=\"title-sep-container title-sep-container-left fusion-no-large-visibility fusion-no-medium-visibility fusion-no-small-visibility\"><div class=\"title-sep sep-double sep-solid\" style=\"border-color:#e2e2e2;\"><\/div><\/div><span class=\"awb-title-spacer fusion-no-large-visibility fusion-no-medium-visibility fusion-no-small-visibility\"><\/span><h2 class=\"fusion-title-heading title-heading-left\" style=\"margin:0;\"><p class=\"title style-scope ytd-video-primary-info-renderer\">Gemeindeleben<\/p><\/h2><span class=\"awb-title-spacer\"><\/span><div class=\"title-sep-container title-sep-container-right\"><div class=\"title-sep sep-double sep-solid\" style=\"border-color:#e2e2e2;\"><\/div><\/div><\/div><\/div><\/div><div class=\"fusion-layout-column fusion_builder_column fusion-builder-column-2 fusion_builder_column_1_2 1_2 fusion-flex-column\" style=\"--awb-bg-size:cover;--awb-width-large:50%;--awb-margin-top-large:0px;--awb-spacing-right-large:3.84%;--awb-margin-bottom-large:20px;--awb-spacing-left-large:3.84%;--awb-width-medium:100%;--awb-spacing-right-medium:1.92%;--awb-spacing-left-medium:1.92%;--awb-width-small:100%;--awb-spacing-right-small:1.92%;--awb-spacing-left-small:1.92%;\"><div class=\"fusion-column-wrapper fusion-column-has-shadow fusion-flex-justify-content-flex-start fusion-content-layout-column\"><div class=\"fusion-text fusion-text-2\"><p>Wir sind eine lebendige Gemeinde. Unsere  T\u00fcren sind sowohl f\u00fcr alle armenisch-apostolische Christen aus Rheinland-Pfalz und  als auch f\u00fcr langj\u00e4hrige Freunde der Gemeinde, sowie f\u00fcr Menschen aus unserer Umgebung, die uns gerne kennen lernen m\u00f6chten, offen. Das Zentrum unserer Gemeinde ist unser Glaube, der im sonnt\u00e4glichen Gottesdienst, aber auch bei unterschiedlichsten Aktivit\u00e4ten und Projekten f\u00fcr alle Altersgruppen ihren Ausdruck findet. Als eine Diasporagemeinde haben wir in unserer Kirchengemeinde eine geistliche Heimat, eine enzigartige Gemeinschaft, wo Menschen zusammenkommen und Leben teilen. Neben dem Gottesdienst k\u00f6nnen dies auch ganz allt\u00e4gliche Aktivit\u00e4ten sein. Eine \u00dcbersicht unserer Veranstaltungen und Projekte f\u00fcr Jung und Alt, f\u00fcr Familien und Senioren, f\u00fcr Kultur- und Bildungsinteressierte, finden Sie auf dieser Seite.<\/p>\n<\/div><\/div><\/div><\/div><\/div><div class=\"fusion-fullwidth fullwidth-box fusion-builder-row-3 fusion-flex-container nonhundred-percent-fullwidth non-hundred-percent-height-scrolling\" style=\"--awb-border-radius-top-left:0px;--awb-border-radius-top-right:0px;--awb-border-radius-bottom-right:0px;--awb-border-radius-bottom-left:0px;--awb-padding-top:60px;--awb-padding-bottom:60px;--awb-flex-wrap:wrap;\" ><div class=\"fusion-builder-row fusion-row fusion-flex-align-items-flex-start fusion-flex-content-wrap\" style=\"max-width:1248px;margin-left: calc(-4% \/ 2 );margin-right: calc(-4% \/ 2 );\"><div class=\"fusion-layout-column fusion_builder_column fusion-builder-column-3 fusion_builder_column_1_1 1_1 fusion-flex-column fusion-no-small-visibility\" style=\"--awb-bg-size:cover;--awb-width-large:100%;--awb-margin-top-large:0px;--awb-spacing-right-large:1.92%;--awb-margin-bottom-large:0px;--awb-spacing-left-large:1.92%;--awb-width-medium:100%;--awb-spacing-right-medium:1.92%;--awb-spacing-left-medium:1.92%;--awb-width-small:100%;--awb-spacing-right-small:1.92%;--awb-spacing-left-small:1.92%;\"><div class=\"fusion-column-wrapper fusion-column-has-shadow fusion-flex-justify-content-center fusion-content-layout-column\"><div class=\"fusion-title title fusion-title-3 fusion-title-text fusion-title-size-two\"><div class=\"title-sep-container title-sep-container-left fusion-no-large-visibility fusion-no-medium-visibility fusion-no-small-visibility\"><div class=\"title-sep sep-double sep-solid\" style=\"border-color:#e2e2e2;\"><\/div><\/div><span class=\"awb-title-spacer fusion-no-large-visibility fusion-no-medium-visibility fusion-no-small-visibility\"><\/span><h2 class=\"fusion-title-heading title-heading-left\" style=\"margin:0;\">Geschichtlicher R\u00fcckblick<\/h2><span class=\"awb-title-spacer\"><\/span><div class=\"title-sep-container title-sep-container-right\"><div class=\"title-sep sep-double sep-solid\" style=\"border-color:#e2e2e2;\"><\/div><\/div><\/div><div class=\"fusion-text fusion-text-3 awb-text-cols fusion-text-columns-3\" style=\"--awb-columns:3;--awb-column-spacing:2em;--awb-column-min-width:100px;\"><p>Der christliche Glaube hat in Armenien eine lange Geschichte: Der \u00dcberlieferung nach wurde er schon im ersten Jahrhundert durch die Apostel Thadd\u00e4us und Bartholom\u00e4us nach Armenien gebracht. Die intensive Missionst\u00e4tigkeit des Heiligen Gregors \u201edes Erleuchters\u201c im dritten Jahrhundert f\u00fchrte schlie\u00dflich zur Bekehrung von K\u00f6nig Tiridates III., der das Christentum im Jahre 301 zur Staatsreligion erkl\u00e4rte und Armenien so zum ersten christlichen Staat der Welt machte.<br \/>\nDie Lage Armeniens an der Grenze zwischen R\u00f6mischem und Persischem Reich f\u00fchrte in den folgenden Jahrhunderten immer wieder zu kriegerischen Auseinandersetzungen und beg\u00fcnstigte auch die Ablehnung des Konzils von Chalkedon und damit den Bruch mit der byzantinischen Orthodoxie.<\/p>\n<p>Nach der Eroberung Armeniens durch die Seldschuken wurde im S\u00fcden Kleinasiens im Jahre 1080 das armenische K\u00f6nigreich von Kilikien gegr\u00fcndet. Die Eroberung dieses Reiches durch die Mamluken im Jahre 1375 setzte der armenischen Eigenstaatlichkeit ein vorl\u00e4ufiges Ende.<\/p>\n<p>In den folgenden Jahrhunderten der Fremdherrschaft war die Armenisch-Apostolische Kirche die entscheidende Institution f\u00fcr die Bewahrung der armenischen Identit\u00e4t und Kultur. Das Leben in der Diaspora im gesamten Vorderen Orient f\u00fchrte allerdings auch zur Herausbildung mehrerer kirchlicher Jurisdiktionen, von denen bis heute zwei Katholikate und zwei Patriarchate \u00fcberlebt haben.<\/p>\n<p>Ende des neunzehnten Jahrhunderts begann die leidvollste Periode in der Geschichte des armenischen Volkes. Der wachsende t\u00fcrkische Nationalismus und milit\u00e4rische Verluste des untergehenden Osmanischen Reich bewirkten eine zunehmend feindliche Stimmung gegen\u00fcber den Armeniern, die sich in Pogromen und schlie\u00dflich im Genozid von 1915\/1916 entlud. Die daraufhin einsetzende Emigration der meisten Armenier aus ihren angestammten Siedlungsgebieten f\u00fchrte zur Gr\u00fcndung von Diasporagemeinden auf allen Kontinenten.<\/p>\n<p>Der \u00f6stlichste Teil Armeniens wurde nach 1920 Teil der Sowjetunion. Die Kirche litt in den folgenden Jahrzehnten unter mehr oder minder starken Repressionen. Im Jahre 1991 wurde Armenien ein unabh\u00e4ngiger Staat und die Armenisch-Apostolische Kirche konnte sich reorganisieren. In diesem Jahr wurde u.a. auch unsere Di\u00f6zese in Deutschland gegr\u00fcndet. Doch Armenier gab es in Baden-W\u00fcrtemberg auch fr\u00fcher.<\/p>\n<p><strong>Wir in Mainz<\/strong><\/p>\n<p><span style=\"font-family: var(--awb-text-font-family); font-size: var(--awb-font-size); font-style: var(--awb-text-font-style); letter-spacing: var(--awb-letter-spacing); text-align: var(--awb-content-alignment); text-transform: var(--awb-text-transform);\">Die Armenier haben in Mainz eine mehr als 50-j\u00e4hrige Geschichte. Von den etwa 40.000 in Deutschland lebenden Armeniern, leben ca. 2000 Armenischst\u00e4mmige in Mainz und Umgebung. Darunter sind Armenier, die nach dem Zweiten Weltkrieg in Deutschland blieben, Armenier, die in den 70er Jahren aus der T\u00fcrkei als \u201eGastarbeiter\u201c nach Deutschland einwanderten, Armenier, die w\u00e4hrend der Iranischen Revolution nach Deutschland fl\u00fcchteten, und Armenier, die nach dem Fall der ehemaligen Sowjetunion aus verschiedenen Gr\u00fcnden auswanderten. Inzwischen gibt es bereits zwei Generationen Armenier, die in Deutschland geboren sind. Sie alle haben in der Armenischen Apostolischen Kirche ihre geistliche Heimat.<\/span><\/p>\n<\/p>\n<p><span style=\"font-family: var(--awb-text-font-family); font-size: var(--awb-font-size); font-style: var(--awb-text-font-style); letter-spacing: var(--awb-letter-spacing); text-align: var(--awb-content-alignment); text-transform: var(--awb-text-transform);\"><br \/><\/span><\/p>\n<p><span style=\"font-family: var(--awb-text-font-family); font-size: var(--awb-font-size); font-style: var(--awb-text-font-style); letter-spacing: var(--awb-letter-spacing); text-align: var(--awb-content-alignment); text-transform: var(--awb-text-transform);\"><br \/><\/span><\/p>\n<p><span style=\"font-family: var(--awb-text-font-family); font-size: var(--awb-font-size); font-style: var(--awb-text-font-style); letter-spacing: var(--awb-letter-spacing); text-align: var(--awb-content-alignment); text-transform: var(--awb-text-transform);\">Noch vor der Gr\u00fcndung der Di\u00f6zese der Armenischen Apostolischen Kirche in <\/span><span style=\"font-family: var(--awb-text-font-family); font-size: var(--awb-font-size); font-style: var(--awb-text-font-style); letter-spacing: var(--awb-letter-spacing); text-align: var(--awb-content-alignment); text-transform: var(--awb-text-transform);\">Deutschland und der Armenischen Gemeinde Mainz existierte der  Kulturverein . Dieser Kulturverein stand damals unter der Autorit\u00e4t des Patriarchal Delegierten f\u00fcr Mitteleuropa des Katholikos aller Armenier zu Etchmiadzin, dem damaligen Archimandriten Hon. Prof. Dr. Mesrob K. Krikorian in Wien.<\/span><\/p>\n<p><span style=\"font-family: var(--awb-text-font-family); font-size: var(--awb-font-size); font-style: var(--awb-text-font-style); letter-spacing: var(--awb-letter-spacing); text-align: var(--awb-content-alignment); text-transform: var(--awb-text-transform);\">Das Gemeindeleben umfasst regelm\u00e4\u00dfige Gottesdienste der Armenischen Apostolischen Kirche, Feierlichkeiten traditioneller Feste wie Weihnachten und Ostern nach armenischem Ritus sowie Sprach- und Kulturunterricht f\u00fcr Kinder. Zus\u00e4tzlich organisiert die Gemeinde Ausstellungen, Musikabende und Gedenkveranstaltungen zum armenischen Genozid.<\/span><\/p>\n<p>Bedeutung f\u00fcr die lokale Gemeinschaft<\/p>\n<p><span style=\"font-family: var(--awb-text-font-family); font-size: var(--awb-font-size); font-style: var(--awb-text-font-style); letter-spacing: var(--awb-letter-spacing); text-align: var(--awb-content-alignment); text-transform: var(--awb-text-transform);\">Die Armenische Gemeinde Mainz e.V. ist nicht nur ein religi\u00f6ses Zentrum, sondern auch ein Ort des interkulturellen Dialogs in Mainz. Sie arbeitet mit anderen Kirchen, Vereinen und st\u00e4dtischen Einrichtungen zusammen, um das Verst\u00e4ndnis zwischen Kulturen zu f\u00f6rdern und armenische Kultur in der Region sichtbar zu machen.<\/span><span style=\"font-family: var(--awb-text-font-family); font-size: var(--awb-font-size); font-style: var(--awb-text-font-style); letter-spacing: var(--awb-letter-spacing); text-align: var(--awb-content-alignment); text-transform: var(--awb-text-transform);\">Mit einem Telegramm vom 25. Juli 1991 best\u00e4tigte seine Heiligkeit Vasken der Erste, Katholikos und Oberster Patriarch aller Armenier, den damaligen Archimandriten und heutigen Erzbischof, S. E. Karekin Bekdjian als Primas der Di\u00f6zese der Armenischen Kirche in Deutschland. Somit wurde zum ersten Mal in der Geschichte der Armenisch- Apostolischen Orthodoxen Kirche eine Di\u00f6zese in Deutschland ins Leben gerufen.<\/span><\/p><\/p>\n<\/div><\/div><\/div><div class=\"fusion-layout-column fusion_builder_column fusion-builder-column-4 fusion_builder_column_1_1 1_1 fusion-flex-column fusion-no-medium-visibility fusion-no-large-visibility\" style=\"--awb-bg-size:cover;--awb-width-large:100%;--awb-margin-top-large:0px;--awb-spacing-right-large:1.92%;--awb-margin-bottom-large:0px;--awb-spacing-left-large:1.92%;--awb-width-medium:100%;--awb-spacing-right-medium:1.92%;--awb-spacing-left-medium:1.92%;--awb-width-small:100%;--awb-spacing-right-small:1.92%;--awb-spacing-left-small:1.92%;\"><div class=\"fusion-column-wrapper fusion-column-has-shadow fusion-flex-justify-content-center fusion-content-layout-column\"><div class=\"fusion-title title fusion-title-4 fusion-title-text fusion-title-size-two\"><div class=\"title-sep-container title-sep-container-left fusion-no-large-visibility fusion-no-medium-visibility fusion-no-small-visibility\"><div class=\"title-sep sep-double sep-solid\" style=\"border-color:#e2e2e2;\"><\/div><\/div><span class=\"awb-title-spacer fusion-no-large-visibility fusion-no-medium-visibility fusion-no-small-visibility\"><\/span><h2 class=\"fusion-title-heading title-heading-left\" style=\"margin:0;\">Geschichtlicher R\u00fcckblick<\/h2><span class=\"awb-title-spacer\"><\/span><div class=\"title-sep-container title-sep-container-right\"><div class=\"title-sep sep-double sep-solid\" style=\"border-color:#e2e2e2;\"><\/div><\/div><\/div><div class=\"fusion-text fusion-text-4\"><p>Der christliche Glaube hat in Armenien eine lange Geschichte: Der \u00dcberlieferung nach wurde er schon im ersten Jahrhundert durch die Apostel Thadd\u00e4us und Bartholom\u00e4us nach Armenien gebracht. Die intensive Missionst\u00e4tigkeit des Heiligen Gregors \u201edes Erleuchters\u201c im dritten Jahrhundert f\u00fchrte schlie\u00dflich zur Bekehrung von K\u00f6nig Tiridates III., der das Christentum im Jahre 301 zur Staatsreligion erkl\u00e4rte und Armenien so zum ersten christlichen Staat der Welt machte.<br \/>\nDie Lage Armeniens an der Grenze zwischen R\u00f6mischem und Persischem Reich f\u00fchrte in den folgenden Jahrhunderten immer wieder zu kriegerischen Auseinandersetzungen und beg\u00fcnstigte auch die Ablehnung des Konzils von Chalkedon und damit den Bruch mit der byzantinischen Orthodoxie.<\/p>\n<p>Nach der Eroberung Armeniens durch die Seldschuken wurde im S\u00fcden Kleinasiens im Jahre 1080 das armenische K\u00f6nigreich von Kilikien gegr\u00fcndet. Die Eroberung dieses Reiches durch die Mamluken im Jahre 1375 setzte der armenischen Eigenstaatlichkeit ein vorl\u00e4ufiges Ende.<\/p>\n<p>In den folgenden Jahrhunderten der Fremdherrschaft war die Armenisch-Apostolische Kirche die entscheidende Institution f\u00fcr die Bewahrung der armenischen Identit\u00e4t und Kultur. Das Leben in der Diaspora im gesamten Vorderen Orient f\u00fchrte allerdings auch zur Herausbildung mehrerer kirchlicher Jurisdiktionen, von denen bis heute zwei Katholikate und zwei Patriarchate \u00fcberlebt haben.<\/p>\n<p>Ende des neunzehnten Jahrhunderts begann die leidvollste Periode in der Geschichte des armenischen Volkes. Der wachsende t\u00fcrkische Nationalismus und milit\u00e4rische Verluste des untergehenden Osmanischen Reich bewirkten eine zunehmend feindliche Stimmung gegen\u00fcber den Armeniern, die sich in Pogromen und schlie\u00dflich im Genozid von 1915\/1916 entlud. Die daraufhin einsetzende Emigration der meisten Armenier aus ihren angestammten Siedlungsgebieten f\u00fchrte zur Gr\u00fcndung von Diasporagemeinden auf allen Kontinenten.<\/p>\n<p>Der \u00f6stlichste Teil Armeniens wurde nach 1920 Teil der Sowjetunion. Die Kirche litt in den folgenden Jahrzehnten unter mehr oder minder starken Repressionen. Im Jahre 1991 wurde Armenien ein unabh\u00e4ngiger Staat und die Armenisch-Apostolische Kirche konnte sich reorganisieren. In diesem Jahr wurde u.a. auch unsere Di\u00f6zese in Deutschland gegr\u00fcndet. Doch Armenier gab es in Baden-W\u00fcrtemberg auch fr\u00fcher.<\/p>\n<p><strong>Wir in Baden-W\u00fcrttemberg<\/strong><\/p>\n<p>Die Armenier haben in Baden-W\u00fcrttemberg eine mehr als 50-j\u00e4hrige Geschichte. Von den etwa 40.000 in Deutschland lebenden Armeniern, leben ca. 5000 Armenier in Baden W\u00fcrttemberg. Darunter sind Armenier, die nach dem Zweiten Weltkrieg in Deutschland blieben, Armenier, die in den 70er Jahren aus der T\u00fcrkei als \u201eGastarbeiter\u201c nach Deutschland einwanderten, Armenier, die w\u00e4hrend der Iranischen Revolution nach Deutschland fl\u00fcchteten, und Armenier, die nach dem Fall der ehemaligen Sowjetunion aus verschiedenen Gr\u00fcnden auswanderten. Inzwischen gibt es bereits zwei Generationen Armenier, die in Deutschland geboren sind. Sie alle haben in der Armenischen Apostolischen Kirche ihre geistliche Heimat.<\/p>\n<p>Noch vor der Gr\u00fcndung der Di\u00f6zese der Armenischen Apostolischen Kirche in Deutschland und der Armenischen Gemeinde Baden-W\u00fcrttemberg existierten drei armenische Kirchenvereine in Baden-W\u00fcrttemberg: Rat der Armenisch-Apostolischen Kirche in Baden-W\u00fcrttemberg mit Sitz in Stuttgart, Gemeinde der Armenisch-Apostolischen Heilig Kreuz Kirche mit Sitz in G\u00f6ppingen und Rat der Armenisch-Apostolischen Kirche in Kehl mit Sitz in Kehl. Diese Kirchenvereine standen damals unter der Autorit\u00e4t des Patriarchal Delegierten f\u00fcr Mitteleuropa des Katholikos aller Armenier zu Etchmiadzin, dem damaligen Archimandriten Hon. Prof. Dr. Mesrob K. Krikorian in Wien.<\/p>\n<p>Im Jahre 1983 war dem \u201eChristlich Armenischer Verein, C. A. V.\u201c, dem Vorl\u00e4ufer der \u201eGemeinde der Armenisch-Apostolischen Heilig Kreuz Kirche\u201c gelungen, eine sehr alte, kleine Dorfkirche in G\u00f6ppingen\/Bartenbach zu einem symbolischen Preis zu mieten, sie als \u201eSurp Khatsch\u201c (Heilig Kreuz) Kirche um zu nennen, zu renovieren und innerlich zu einer armenischen Kirche umzuwandeln. 2019 \u00fcbergab die Evangelische Gemeinde Bartenbach die Kirche notariell an die Armenische Gemeinde Baden-W\u00fcrttemberg.<\/p>\n<p><strong>Die Gr\u00fcndung der Gemeinde<\/strong><\/p>\n<p>Mit einem Telegramm vom 25. Juli 1991 best\u00e4tigte seine Heiligkeit Vasken der Erste, Katholikos und Oberster Patriarch aller Armenier, den damaligen Archimandriten und heutigen Erzbischof, S. E. Karekin Bekdjian als Primas der Di\u00f6zese der Armenischen Kirche in Deutschland. Somit wurde zum ersten Mal in der Geschichte der Armenisch- Apostolischen Orthodoxen Kirche eine Di\u00f6zese in Deutschland ins Leben gerufen.<\/p>\n<p>Die Vorst\u00e4nde der \u201eArmenischen Gemeinde in Stuttgart und Umgebung\u201c und \u201eGemeinde der Armenisch-Apostolischen Heilig Kreuz Kirche in G\u00f6ppingen\u201c haben mit Genehmigung der \u201eArmenischen Di\u00f6zese\u201c am 20. April 1996 beschlossen sich zu vereinen. Somit ist aus der Fusion beider Vereine die \u201eArmenische Gemeinde Baden-W\u00fcrttemberg\u201c entstanden.<\/p>\n<p>Durch die gro\u00dfz\u00fcgige Hilfe der \u201eKatholischen Di\u00f6zese Rottenburg-Stuttgart\u201c und mit Hilfe der \u201eArmenischen Di\u00f6zese\u201c ist der \u201eArmenischen Gemeinde in Baden-W\u00fcrttemberg\u201c gelungen ein zweist\u00f6ckiges, mit ziemlich gro\u00dfen R\u00e4umlichkeiten und S\u00e4len ausger\u00fcstetes \u201eHay Dun\u201c (Haus der Armenier) in Salach zu verpachten.<\/p>\n<p>Was seine Einrichtungen und Mitglieder angeht, ist die Armenische Gemeinde Baden- W\u00fcrttemberg neben der Armenischen Gemeinde in K\u00f6ln zur zweit gr\u00f6\u00dften armenischen Gemeinde in Deutschland geworden.<\/p>\n<p>Die Armenische Gemeinde Baden-W\u00fcrttemberg vertritt die Interessen der in Baden-W\u00fcrttemberg lebenden Armenier. Sie k\u00fcmmert sich sowohl um Integration als auch um Identit\u00e4tsbewahrung ihrer Mitglieder. Und sie hat nicht nur die Aufgabe sich um die religi\u00f6sen Belange der Armenier im Raum Baden-W\u00fcrttemberg zu k\u00fcmmern, sondern auch um die Belange im Bereich der Bildung, der Kultur, des Sozialen. Andererseits ist sie ein Br\u00fcckenbauer zwischen Deutschland und Armenien.<\/p>\n<\/div><\/div><\/div><\/div><\/div><div class=\"fusion-fullwidth fullwidth-box fusion-builder-row-4 fusion-flex-container nonhundred-percent-fullwidth non-hundred-percent-height-scrolling\" style=\"--awb-border-radius-top-left:0px;--awb-border-radius-top-right:0px;--awb-border-radius-bottom-right:0px;--awb-border-radius-bottom-left:0px;--awb-padding-top:4%;--awb-flex-wrap:wrap;\" ><div class=\"fusion-builder-row fusion-row fusion-flex-align-items-flex-start fusion-flex-content-wrap\" style=\"max-width:1248px;margin-left: calc(-4% \/ 2 );margin-right: calc(-4% \/ 2 );\"><div class=\"fusion-layout-column fusion_builder_column fusion-builder-column-5 fusion_builder_column_1_1 1_1 fusion-flex-column\" style=\"--awb-bg-size:cover;--awb-width-large:100%;--awb-margin-top-large:0px;--awb-spacing-right-large:1.92%;--awb-margin-bottom-large:20px;--awb-spacing-left-large:1.92%;--awb-width-medium:100%;--awb-spacing-right-medium:1.92%;--awb-spacing-left-medium:1.92%;--awb-width-small:100%;--awb-spacing-right-small:1.92%;--awb-spacing-left-small:1.92%;\"><div class=\"fusion-column-wrapper fusion-column-has-shadow fusion-flex-justify-content-flex-start fusion-content-layout-column\"><div class=\"fusion-title title fusion-title-5 fusion-title-text fusion-title-size-two\" style=\"--awb-margin-top:0px;--awb-margin-bottom:0px;--awb-margin-top-small:0px;--awb-margin-bottom-small:0px;\"><div class=\"title-sep-container title-sep-container-left fusion-no-large-visibility fusion-no-medium-visibility fusion-no-small-visibility\"><div class=\"title-sep sep-double sep-solid\" style=\"border-color:#e2e2e2;\"><\/div><\/div><span class=\"awb-title-spacer fusion-no-large-visibility fusion-no-medium-visibility fusion-no-small-visibility\"><\/span><h2 class=\"fusion-title-heading title-heading-left\" style=\"margin:0;\">Wir f\u00fcr Sie&#8230;<\/h2><span class=\"awb-title-spacer\"><\/span><div class=\"title-sep-container title-sep-container-right\"><div class=\"title-sep sep-double sep-solid\" style=\"border-color:#e2e2e2;\"><\/div><\/div><\/div><div class=\"fusion-separator fusion-full-width-sep\" style=\"align-self: center;margin-left: auto;margin-right: auto;margin-top:10px;margin-bottom:10px;width:100%;\"><\/div><div class=\"fusion-text fusion-text-5\"><p>Hier ein \u00dcberblick \u00fcber einige Angebote unserer Gemeinde. Die meisten unserer Angebote und Veranstaltungen sind \u00f6ffentlich zug\u00e4nglich. Eingeladen sind sowohl Gemeindemitglieder als auch Freunde der Gemeinde, sowie Interessierte. Weitere ausf\u00fchrliche Informationen \u00fcber Angebote, Dienste und Projekte finden sie im Bereich <a href=\"http:\/\/agbw.org\/dienen\/\">DIENEN<\/a> auf dieser Web-Seite.<\/p>\n<\/div><\/div><\/div><\/div><\/div><div class=\"fusion-fullwidth fullwidth-box fusion-builder-row-5 fusion-flex-container nonhundred-percent-fullwidth non-hundred-percent-height-scrolling\" style=\"--awb-border-radius-top-left:0px;--awb-border-radius-top-right:0px;--awb-border-radius-bottom-right:0px;--awb-border-radius-bottom-left:0px;--awb-flex-wrap:wrap;\" ><div class=\"fusion-builder-row fusion-row fusion-flex-align-items-flex-start fusion-flex-content-wrap\" style=\"max-width:1248px;margin-left: calc(-4% \/ 2 );margin-right: calc(-4% \/ 2 );\"><div class=\"fusion-layout-column fusion_builder_column fusion-builder-column-6 fusion_builder_column_1_1 1_1 fusion-flex-column\" style=\"--awb-bg-size:cover;--awb-width-large:100%;--awb-margin-top-large:0px;--awb-spacing-right-large:1.92%;--awb-margin-bottom-large:20px;--awb-spacing-left-large:1.92%;--awb-width-medium:100%;--awb-order-medium:0;--awb-spacing-right-medium:1.92%;--awb-spacing-left-medium:1.92%;--awb-width-small:100%;--awb-order-small:0;--awb-spacing-right-small:1.92%;--awb-spacing-left-small:1.92%;\"><div class=\"fusion-column-wrapper fusion-column-has-shadow fusion-flex-justify-content-flex-start fusion-content-layout-column\"><div class=\"fusion-title title fusion-title-6 fusion-title-text fusion-title-size-two\" style=\"--awb-margin-top:0px;--awb-margin-bottom:0px;--awb-margin-top-small:0px;--awb-margin-bottom-small:0px;\"><div class=\"title-sep-container title-sep-container-left fusion-no-large-visibility fusion-no-medium-visibility fusion-no-small-visibility\"><div class=\"title-sep sep-double sep-solid\" style=\"border-color:#e2e2e2;\"><\/div><\/div><span class=\"awb-title-spacer fusion-no-large-visibility fusion-no-medium-visibility fusion-no-small-visibility\"><\/span><h2 class=\"fusion-title-heading title-heading-left\" style=\"margin:0;\">Gemeindepfarrer &amp; Diakone<\/h2><span class=\"awb-title-spacer\"><\/span><div class=\"title-sep-container title-sep-container-right\"><div class=\"title-sep sep-double sep-solid\" style=\"border-color:#e2e2e2;\"><\/div><\/div><\/div><div class=\"fusion-separator fusion-full-width-sep\" style=\"align-self: center;margin-left: auto;margin-right: auto;margin-top:20px;margin-bottom:10px;width:100%;\"><\/div><\/div><\/div><div class=\"fusion-layout-column fusion_builder_column fusion-builder-column-7 fusion_builder_column_1_3 1_3 fusion-flex-column\" style=\"--awb-bg-size:cover;--awb-width-large:33.333333333333%;--awb-margin-top-large:0px;--awb-spacing-right-large:5.76%;--awb-margin-bottom-large:20px;--awb-spacing-left-large:5.76%;--awb-width-medium:100%;--awb-order-medium:0;--awb-spacing-right-medium:1.92%;--awb-spacing-left-medium:1.92%;--awb-width-small:100%;--awb-order-small:0;--awb-spacing-right-small:1.92%;--awb-spacing-left-small:1.92%;\"><div class=\"fusion-column-wrapper fusion-column-has-shadow fusion-flex-justify-content-flex-start fusion-content-layout-column\"><div class=\"fusion-social-links fusion-social-links-1\" style=\"--awb-margin-top:0px;--awb-margin-right:0px;--awb-margin-bottom:0px;--awb-margin-left:0px;--awb-box-border-top:0px;--awb-box-border-right:0px;--awb-box-border-bottom:0px;--awb-box-border-left:0px;--awb-icon-colors-hover:rgba(158,160,164,0.8);--awb-box-colors-hover:rgba(242,243,245,0.8);--awb-box-border-color:var(--awb-color3);--awb-box-border-color-hover:var(--awb-color4);\"><div class=\"fusion-social-networks boxed-icons color-type-custom\"><div class=\"fusion-social-networks-wrapper\"><a class=\"fusion-social-network-icon fusion-tooltip fusion-facebook awb-icon-facebook\" style=\"color:#9ea0a4;font-size:16px;width:16px;background-color:#f2f3f5;border-color:#f2f3f5;border-radius:4px;\" data-placement=\"top\" data-title=\"Facebook\" data-toggle=\"tooltip\" title=\"Facebook\" aria-label=\"facebook\" target=\"_blank\" rel=\"noopener noreferrer\" href=\"https:\/\/www.facebook.com\/diradur\"><\/a><a class=\"fusion-social-network-icon fusion-tooltip fusion-mail awb-icon-mail\" style=\"color:#9ea0a4;font-size:16px;width:16px;background-color:#f2f3f5;border-color:#f2f3f5;border-radius:4px;\" data-placement=\"top\" data-title=\"Email\" data-toggle=\"tooltip\" title=\"Email\" aria-label=\"mail\" target=\"_blank\" rel=\"noopener noreferrer\" href=\"mailto:pfr.&#115;&#097;r&#100;aryan&#064;dakd.de\"><\/a><\/div><\/div><\/div><\/div><\/div><\/div><\/div><div class=\"fusion-fullwidth fullwidth-box fusion-builder-row-6 fusion-flex-container hundred-percent-fullwidth non-hundred-percent-height-scrolling\" style=\"--awb-background-position:left top;--awb-border-sizes-top:10px;--awb-border-sizes-bottom:10px;--awb-border-sizes-left:0px;--awb-border-sizes-right:0px;--awb-border-radius-top-left:0px;--awb-border-radius-top-right:0px;--awb-border-radius-bottom-right:0px;--awb-border-radius-bottom-left:0px;--awb-padding-top:60px;--awb-padding-right:0px;--awb-padding-bottom:30px;--awb-padding-left:0px;--awb-background-color:#ffac00;--awb-flex-wrap:wrap;\" ><div class=\"fusion-builder-row fusion-row fusion-flex-align-items-stretch fusion-flex-content-wrap\" style=\"width:104% !important;max-width:104% !important;margin-left: calc(-4% \/ 2 );margin-right: calc(-4% \/ 2 );\"><div class=\"fusion-layout-column fusion_builder_column fusion-builder-column-8 fusion_builder_column_1_2 1_2 fusion-flex-column\" style=\"--awb-padding-top:10%;--awb-padding-right:10%;--awb-padding-bottom:10%;--awb-padding-left:10%;--awb-bg-color:#0f4c81;--awb-bg-color-hover:#0f4c81;--awb-bg-image:url(&#039;http:\/\/giessen.dakd.de\/wp-content\/uploads\/2020\/02\/1582-auf-1164-signature.jpg&#039;);--awb-bg-size:cover;--awb-width-large:50%;--awb-margin-top-large:0px;--awb-spacing-right-large:3.84%;--awb-margin-bottom-large:20px;--awb-spacing-left-large:3.84%;--awb-width-medium:100%;--awb-order-medium:0;--awb-spacing-right-medium:1.92%;--awb-spacing-left-medium:1.92%;--awb-width-small:100%;--awb-order-small:0;--awb-spacing-right-small:1.92%;--awb-spacing-left-small:1.92%;\"><div class=\"fusion-column-wrapper fusion-column-has-shadow fusion-flex-justify-content-center fusion-content-layout-column fusion-empty-column-bg-image fusion-column-has-bg-image\" data-bg-url=\"http:\/\/giessen.dakd.de\/wp-content\/uploads\/2020\/02\/1582-auf-1164-signature.jpg\"><img decoding=\"async\" class=\"fusion-empty-dims-img-placeholder fusion-no-large-visibility\" src=\"data:image\/gif;base64,R0lGODlhAQABAAAAACH5BAEKAAEALAAAAAABAAEAAAICTAEAOw==\"><\/div><\/div><div class=\"fusion-layout-column fusion_builder_column fusion-builder-column-9 fusion_builder_column_1_2 1_2 fusion-flex-column\" style=\"--awb-padding-top:10%;--awb-padding-right:10%;--awb-padding-bottom:10%;--awb-padding-left:10%;--awb-bg-size:cover;--awb-width-large:50%;--awb-margin-top-large:0px;--awb-spacing-right-large:3.84%;--awb-margin-bottom-large:0px;--awb-spacing-left-large:3.84%;--awb-width-medium:100%;--awb-spacing-right-medium:1.92%;--awb-spacing-left-medium:1.92%;--awb-width-small:100%;--awb-spacing-right-small:1.92%;--awb-spacing-left-small:1.92%;\"><div class=\"fusion-column-wrapper fusion-column-has-shadow fusion-flex-justify-content-center fusion-content-layout-column\"><div class=\"fusion-title title fusion-title-7 fusion-title-center fusion-title-text fusion-title-size-two\"><div class=\"title-sep-container title-sep-container-left\"><div class=\"title-sep sep-double sep-solid\" style=\"border-color:#e2e2e2;\"><\/div><\/div><span class=\"awb-title-spacer\"><\/span><h2 class=\"fusion-title-heading title-heading-center\" style=\"margin:0;\"><p style=\"text-align: center;\"><span style=\"color: #ffffff;\">Werden Sie Mitglied!<\/span><\/p><\/h2><span class=\"awb-title-spacer\"><\/span><div class=\"title-sep-container title-sep-container-right\"><div class=\"title-sep sep-double sep-solid\" style=\"border-color:#e2e2e2;\"><\/div><\/div><\/div><div class=\"fusion-text fusion-text-6\"><p style=\"text-align: center;\"><span style=\"color: #ffffff;\">Unterst\u00fctzen Sie die Armenische Apostolische Kirche und Ihre Kirchengemeinde mit Ihrem Mitgliedsbeitrag. Werden Sie jetzt aktiv!<\/span><\/p>\n<\/div><div style=\"text-align:center;\"><a class=\"fusion-button button-flat fusion-button-default-size button-default fusion-button-default button-1 fusion-button-default-span fusion-button-default-type\" target=\"_self\" href=\"https:\/\/giessen.dakd.de\/mitgliedschaft\/\"><span class=\"fusion-button-text\">JETZT MITGLIEDSCHAFT BEANTRAGEN<\/span><\/a><\/div><\/div><\/div><\/div><\/div>\n<\/p>","protected":false},"excerpt":{"rendered":"","protected":false},"author":1,"featured_media":12069,"parent":0,"menu_order":0,"comment_status":"closed","ping_status":"closed","template":"100-width.php","meta":{"footnotes":""},"class_list":["post-7352","page","type-page","status-publish","has-post-thumbnail","hentry"],"_links":{"self":[{"href":"https:\/\/mainz.dakd.de\/am\/wp-json\/wp\/v2\/pages\/7352","targetHints":{"allow":["GET"]}}],"collection":[{"href":"https:\/\/mainz.dakd.de\/am\/wp-json\/wp\/v2\/pages"}],"about":[{"href":"https:\/\/mainz.dakd.de\/am\/wp-json\/wp\/v2\/types\/page"}],"author":[{"embeddable":true,"href":"https:\/\/mainz.dakd.de\/am\/wp-json\/wp\/v2\/users\/1"}],"replies":[{"embeddable":true,"href":"https:\/\/mainz.dakd.de\/am\/wp-json\/wp\/v2\/comments?post=7352"}],"version-history":[{"count":5,"href":"https:\/\/mainz.dakd.de\/am\/wp-json\/wp\/v2\/pages\/7352\/revisions"}],"predecessor-version":[{"id":23398,"href":"https:\/\/mainz.dakd.de\/am\/wp-json\/wp\/v2\/pages\/7352\/revisions\/23398"}],"wp:featuredmedia":[{"embeddable":true,"href":"https:\/\/mainz.dakd.de\/am\/wp-json\/wp\/v2\/media\/12069"}],"wp:attachment":[{"href":"https:\/\/mainz.dakd.de\/am\/wp-json\/wp\/v2\/media?parent=7352"}],"curies":[{"name":"wp","href":"https:\/\/api.w.org\/{rel}","templated":true}]}}